{"id":1372,"date":"2026-01-09T14:49:03","date_gmt":"2026-01-09T13:49:03","guid":{"rendered":"https:\/\/platanes.h-wd.fr\/?page_id=1372"},"modified":"2026-01-30T15:26:15","modified_gmt":"2026-01-30T14:26:15","slug":"aviso-legal","status":"publish","type":"page","link":"https:\/\/www.souslesplatanes.com\/es\/aviso-legal\/","title":{"rendered":"Aviso legal"},"content":{"rendered":"<div data-elementor-type=\"wp-page\" data-elementor-id=\"1372\" class=\"elementor elementor-1372\" data-elementor-post-type=\"page\">\n\t\t\t\t\t\t<section class=\"elementor-section elementor-top-section elementor-element elementor-element-c49c532 elementor-section-boxed elementor-section-height-default elementor-section-height-default\" data-id=\"c49c532\" data-element_type=\"section\" data-settings=\"{&quot;background_background&quot;:&quot;classic&quot;}\">\n\t\t\t\t\t\t\t<div class=\"elementor-background-overlay\"><\/div>\n\t\t\t\t\t\t\t<div class=\"elementor-container elementor-column-gap-default\">\n\t\t\t\t\t<div class=\"elementor-column elementor-col-100 elementor-top-column elementor-element elementor-element-71fbea5\" data-id=\"71fbea5\" data-element_type=\"column\">\n\t\t\t<div class=\"elementor-widget-wrap elementor-element-populated\">\n\t\t\t\t\t\t<div class=\"elementor-element elementor-element-09d9877 elementor-icon-list--layout-inline elementor-align-center elementor-list-item-link-full_width elementor-widget elementor-widget-icon-list\" data-id=\"09d9877\" data-element_type=\"widget\" data-widget_type=\"icon-list.default\">\n\t\t\t\t\t\t\t<ul class=\"elementor-icon-list-items elementor-inline-items\">\n\t\t\t\t\t\t\t<li class=\"elementor-icon-list-item elementor-inline-item\">\n\t\t\t\t\t\t\t\t\t\t\t<a href=\"#\">\n\n\t\t\t\t\t\t\t\t\t\t\t<span class=\"elementor-icon-list-text\">Tu apartahotel en el coraz\u00f3n de Velaux<\/span>\n\t\t\t\t\t\t\t\t\t\t\t<\/a>\n\t\t\t\t\t\t\t\t\t<\/li>\n\t\t\t\t\t\t<\/ul>\n\t\t\t\t\t\t<\/div>\n\t\t\t\t<div class=\"elementor-element elementor-element-0c2bdae elementor-widget elementor-widget-heading\" data-id=\"0c2bdae\" data-element_type=\"widget\" data-widget_type=\"heading.default\">\n\t\t\t\t\t<h1 class=\"elementor-heading-title elementor-size-default\">Aviso legal<\/h1>\t\t\t\t<\/div>\n\t\t\t\t\t<\/div>\n\t\t<\/div>\n\t\t\t\t\t<\/div>\n\t\t<\/section>\n\t\t<div class=\"elementor-element elementor-element-7bae6aa e-flex e-con-boxed e-con e-parent\" data-id=\"7bae6aa\" data-element_type=\"container\">\n\t\t\t\t\t<div class=\"e-con-inner\">\n\t\t\t\t<div class=\"elementor-element elementor-element-e0af561 elementor-widget elementor-widget-text-editor\" data-id=\"e0af561\" data-element_type=\"widget\" data-widget_type=\"text-editor.default\">\n\t\t\t\t\t\t\t\t\t<p>Responsable de la publicaci\u00f3n: SARL AROMATES<\/p><table><tbody><tr><td><p>Denominaci\u00f3n<\/p><\/td><td><p><button title=\"Haga clic para copiar al portapapeles\" aria-label=\"AROMATES (LE BISTROT CAIRE), copiar al portapapeles\">AROMATES (LE BISTROT CAIRE)<\/button><\/p><\/td><\/tr><tr><td><p>SIREN<\/p><\/td><td><p><button title=\"Haga clic para copiar al portapapeles\" aria-label=\"948 090 055, copiar al portapapeles\">948 090 055<\/button><\/p><\/td><\/tr><tr><td><p>SIRET de la sede social<\/p><\/td><td><p><button title=\"Haga clic para copiar al portapapeles\" aria-label=\"948 090 055 00021, copiar al portapapeles\">948 090 055 00021<\/button><\/p><\/td><\/tr><tr><td><p><a href=\"https:\/\/annuaire-entreprises.data.gouv.fr\/faq\/tva-intracommunautaire\">N.\u00ba de IVA intracomunitario<\/a><\/p><\/td><td><p><span tabindex=\"0\"><button title=\"Haga clic para copiar al portapapeles\" aria-label=\"FR93 948 090 055, copiar al portapapeles\">FR93 948 090 055<\/button><\/span><\/p><\/td><\/tr><tr><td><p><a href=\"https:\/\/www.economie.gouv.fr\/entreprises\/numero-eori\" aria-label=\"M\u00e1s informaci\u00f3n sobre N.\u00ba EORI\" aria-describedby=\"\u00abR4u1kutpetb\u00bb\">N.\u00ba EORI\u00a0<\/a><\/p><\/td><td>\u00a0<\/td><\/tr><tr><td><p>Actividad principal (NAF\/APE)<\/p><\/td><td><p><button title=\"Haga clic para copiar al portapapeles\" aria-label=\"Restauraci\u00f3n tradicional, copiar al portapapeles\">Restauraci\u00f3n tradicional<\/button><\/p><\/td><\/tr><tr><td><p>C\u00f3digo NAF\/APE<\/p><\/td><td><p><button title=\"Haga clic para copiar al portapapeles\" aria-label=\"56.10A, copiar al portapapeles\">56.10A<\/button><\/p><\/td><\/tr><tr><td><p><span tabindex=\"0\"><span aria-describedby=\"\u00abR5a1kutpetb\u00bb\">Actividad principal (NAF 2025)\u00a0<\/span><\/span><\/p><\/td><td><p><button title=\"Haga clic para copiar al portapapeles\" aria-label=\"Restauraci\u00f3n tradicional (56.11G), copiar al portapapeles\">Restauraci\u00f3n tradicional (56.11G)<\/button><\/p><\/td><\/tr><tr><td><p>Direcci\u00f3n postal<\/p><\/td><td><p><button title=\"Haga clic para copiar al portapapeles\" aria-label=\"LE BISTROT CAIRE, 11 PLACE FRANCOIS CAIRE 13880 VELAUX, copiar al portapapeles\">LE BISTROT CAIRE, 11 PLACE FRANCOIS CAIRE 13880 VELAUX<\/button><\/p><\/td><\/tr><tr><td><p>Forma jur\u00eddica<\/p><\/td><td><p><button title=\"Haga clic para copiar al portapapeles\" aria-label=\"Sociedad de responsabilidad limitada (sin otra indicaci\u00f3n), copiar al portapapeles\">Sociedad de responsabilidad limitada\u00a0<\/button><\/p><\/td><\/tr><\/tbody><\/table><p>INFORM\u00c1TICA Y LIBERTAD<br \/>Todo usuario que haya facilitado informaci\u00f3n directa o indirectamente nominativa dispone de un derecho de acceso y rectificaci\u00f3n conforme a la ley n.\u00ba 7817 del 6\/01\/78 (Inform\u00e1tica y Libertad) ante el administrador del sitio.<\/p><p>Enlaces de hipertexto<br \/>Los sitios externos a SARL AROMATES\u00a0 que tengan un enlace de hipertexto con el presente sitio no est\u00e1n bajo el control de SARL AROMATES, que declina por consiguiente toda responsabilidad en cuanto a su contenido. El usuario es el \u00fanico responsable de su utilizaci\u00f3n.<\/p><p>RESPONSABILIDAD<\/p><p>Al acceder a este sitio, se le informa de que el uso de Internet requiere el respeto de un conjunto de legislaciones relativas, en particular, a los derechos de autor y a la ley Inform\u00e1tica y Libertades. SARL AROMATES\u00a0 no puede incurrir en responsabilidad debido a errores u omisiones, reserv\u00e1ndose asimismo el editor el derecho de modificar y actualizar en cualquier momento los datos del sitio.<\/p><p>DERECHOS DE AUTOR<\/p><p>En aplicaci\u00f3n del C\u00f3digo Franc\u00e9s de la Propiedad Intelectual, la reproducci\u00f3n para un uso distinto del privado, la venta, la difusi\u00f3n, la publicaci\u00f3n, la adaptaci\u00f3n o la comunicaci\u00f3n, parciales o integrales, de los datos (presentaci\u00f3n, disposici\u00f3n del sitio, fotos, textos e ilustraciones protegidos por el derecho de autor) est\u00e1n estrictamente sometidas a la autorizaci\u00f3n escrita y previa de los titulares de los derechos, citados m\u00e1s arriba.<\/p><p>INFORM\u00c1TICA Y LIBERTADES<\/p><p>Todo usuario que haya depositado informaciones directa o indirectamente nominativas dispone de un derecho de acceso y de rectificaci\u00f3n conforme a la ley n.\u00ba 7817 del 6\/01\/78 (Inform\u00e1tica y Libertades) ante el administrador del sitio.<\/p><p>PROTECCI\u00d3N DE LOS DATOS PERSONALES<\/p><p>Identidad del responsable del tratamiento<\/p><p>El Sitio\u00a0es editado por la sociedad explotante cuyos datos de contacto figuran m\u00e1s arriba.<br \/>El acceso al sitio web as\u00ed como la utilizaci\u00f3n de su contenido se efect\u00faan en el marco de las menciones de uso descritas a continuaci\u00f3n.<\/p><p>Naturaleza de los datos personales<\/p><p>Se entiende por \u00ab\u00a0dato personal\u00a0\u00bb toda informaci\u00f3n personal que usted pueda compartir con la sociedad explotante y que puede permitir a esta \u00faltima, directa o indirectamente, identificarle como persona f\u00edsica, por ejemplo durante una visita al sitio web, una solicitud de informaci\u00f3n, una reserva de habitaci\u00f3n y otras prestaciones.<\/p><p>Los datos personales recopilados<\/p><p>Puede que se le pida comunicar sus datos personales cuando navegue por el sitio web de la sociedad explotante.<\/p><p>El car\u00e1cter obligatorio o facultativo de la informaci\u00f3n solicitada se le indica en el momento de la recopilaci\u00f3n mediante un asterisco \u00ab\u00a0*\u00a0\u00bb. La informaci\u00f3n solicitada indicada con un asterisco es obligatoria por ser indispensable para el tratamiento de sus diferentes solicitudes. Las dem\u00e1s informaciones est\u00e1n destinadas a conocerle mejor, a mejorar los servicios que se le proponen. Son, por consiguiente, facultativas.<\/p><p>La sociedad explotante recopila y trata, en particular, su apellido, nombre, direcci\u00f3n de correo electr\u00f3nico, direcci\u00f3n de facturaci\u00f3n, n\u00famero de tel\u00e9fono, direcci\u00f3n IP, datos de conexi\u00f3n y datos de navegaci\u00f3n, sus preferencias y centros de inter\u00e9s (habitaci\u00f3n para no fumadores, habitaci\u00f3n preferida, tipo de estancia\u2026), sus opiniones en l\u00ednea.<\/p><p>\u00bfCu\u00e1ndo se recopilan sus datos personales?<\/p><ul><li><p>Usted navega por el sitio web (direcci\u00f3n IP y Cookies) y consulta productos o servicios\u00a0;<\/p><\/li><li><p>Usted comunica a la sociedad explotadora sus observaciones\/comentarios en determinadas secciones, a trav\u00e9s de cuestionarios o formularios de contacto, p\u00e1gina oficial en las redes sociales de la sociedad explotadora;<\/p><\/li><li><p>Usted env\u00eda a la sociedad explotadora un mensaje electr\u00f3nico;<\/p><\/li><li><p>Usted se suscribe a la lista de distribuci\u00f3n del bolet\u00edn informativo;<\/p><\/li><li><p>Usted comparte una p\u00e1gina o una oferta mediante el env\u00edo de un correo electr\u00f3nico o a trav\u00e9s de una red social;<\/p><\/li><li><p>Usted responde a un cuestionario de satisfacci\u00f3n;<\/p><\/li><li><p>Usted solicita un presupuesto.<\/p><\/li><\/ul><p>El almacenamiento de los datos<\/p><p>La informaci\u00f3n recopilada se almacena en nuestros diferentes sistemas de reservas en bases de datos seguras y certificadas SSL.<\/p><p>Esta base de datos incluye: el nombre de los clientes, su direcci\u00f3n, sus n\u00fameros de tel\u00e9fono, su puesto, el nombre de su empresa y los datos de su tarjeta de cr\u00e9dito. Tambi\u00e9n podemos registrar otra informaci\u00f3n, como sus preferencias relativas a la habitaci\u00f3n, las comidas, las bebidas y otros servicios, as\u00ed como su historial de estancias en nuestro establecimiento.<\/p><p>Finalidad de la recogida de datos por la sociedad explotadora<\/p><p>A trav\u00e9s del sitio web, la sociedad explotadora recopila los datos relativos a usted que son estrictamente necesarios para las siguientes finalidades:<\/p><ol><li><p>Con el fin de gestionar sus solicitudes de informaci\u00f3n y de reservas, as\u00ed como cualquier programa de fidelizaci\u00f3n;<\/p><\/li><li><p>Para mejorar y personalizar los servicios de la sociedad explotadora con el fin de facilitar su navegaci\u00f3n por el sitio web;<\/p><\/li><li><p>Para gestionar y hacer el seguimiento de toda la relaci\u00f3n con el cliente;<\/p><\/li><li><p>Gestionar la suscripci\u00f3n a las noticias y ofertas promocionales de la sociedad explotadora (bolet\u00edn informativo);<\/p><\/li><li><p>Para gestionar todas sus solicitudes de acceso de acuerdo con la legislaci\u00f3n vigente;<\/p><\/li><li><p>Gestionar los impagos y los litigios;<\/p><\/li><li><p>Gestionar las solicitudes de candidatura en el marco de las ofertas de empleo de la sociedad explotadora que hayan captado su atenci\u00f3n, o cualquier solicitud de candidatura espont\u00e1nea;<\/p><\/li><li><p>La medici\u00f3n de la calidad y de la satisfacci\u00f3n.<\/p><\/li><\/ol><p>En ausencia de respuesta a la informaci\u00f3n obligatoria, su solicitud no podr\u00e1 ser tenida en cuenta.<\/p><p>Compromisos de la sociedad explotadora en materia de protecci\u00f3n de datos personales<\/p><p>Transparencia y finalidad:<\/p><p>Ning\u00fan dato personal se recopila o se recopilar\u00e1 sin su conocimiento. El car\u00e1cter facultativo u obligatorio de las menciones que deben comunicarse a la sociedad explotadora en el marco de la recopilaci\u00f3n efectuada en el sitio web se le indicar\u00e1 previamente, mediante la presencia del s\u00edmbolo \u00ab * \u00bb asterisco. La sociedad explotadora recopila y trata sus datos personales \u00fanicamente para los fines descritos en las presentes Menciones Legales.<\/p><p>Proporcionalidad y pertinencia:<\/p><p>La sociedad explotadora solo recopila y trata los datos personales necesarios para el correcto tratamiento de su solicitud o para la personalizaci\u00f3n de los servicios que se le ofrecen.<\/p><p>Tiempo de almacenamiento de los datos:<\/p><p>La sociedad explotadora solo conserva sus datos personales durante el per\u00edodo necesario para su tratamiento de conformidad con lo previsto por la ley aplicable.<\/p><p>Seguridad y confidencialidad:<\/p><p>La sociedad explotadora se compromete a adoptar las medidas necesarias para garantizar la confidencialidad de los datos y a no divulgarlos a terceros no autorizados.<\/p><p>Podemos vernos obligados a transmitir su informaci\u00f3n personal a las autoridades locales, si as\u00ed lo exige la ley o en el marco de una investigaci\u00f3n y de conformidad con la normativa local.<\/p><p>Como la mayor\u00eda de los sitios web, cierta informaci\u00f3n se registra autom\u00e1ticamente mediante un protocolo. Esta informaci\u00f3n incluye las direcciones de protocolo (direcci\u00f3n IP), el tipo de navegador utilizado, el proveedor de servicios de internet, las p\u00e1ginas de referencia y las p\u00e1ginas finales, el sistema operativo, la fecha, la hora y los datos de Clickstream.<\/p><p>Las cookies no registran la informaci\u00f3n proporcionada por los usuarios durante una reserva en l\u00ednea o al registrar una cuenta de cliente. Las cookies identifican su navegador en lugar de a usted mismo y no pueden, por s\u00ed solas, revelar su identidad.<\/p><p>Respeto de sus derechos:<\/p><p>Se le informa de sus derechos de consulta, acceso, rectificaci\u00f3n y oposici\u00f3n por motivos leg\u00edtimos, as\u00ed como de su derecho de oposici\u00f3n a la prospecci\u00f3n comercial de conformidad con las disposiciones de la ley n.\u00ba 78-17, de 6 de enero de 1978.<\/p><p>Derechos de acceso, rectificaci\u00f3n y oposici\u00f3n:<\/p><p>De conformidad con la ley n.\u00ba 78-17, de 6 de enero de 1978, relativa a la Inform\u00e1tica, a los Ficheros y a las Libertades, usted dispone, previa simple solicitud por escrito, de un derecho de acceso y rectificaci\u00f3n de la informaci\u00f3n que le concierne.<br \/>Tambi\u00e9n puede, por motivos leg\u00edtimos, oponerse al tratamiento de los datos que le conciernen.<\/p><p>Para ejercer uno de estos derechos y obtener comunicaci\u00f3n de la informaci\u00f3n que le concierne, basta con dirigirse a la sociedad explotadora cuyos datos de contacto est\u00e1n disponibles al inicio de estas Menciones Legales.<\/p><p data-start=\"189\" data-end=\"227\"><strong data-start=\"192\" data-end=\"225\">Pol\u00edtica de gesti\u00f3n de las opiniones<\/strong><\/p><p data-start=\"229\" data-end=\"265\"><strong data-start=\"233\" data-end=\"263\">Compromiso de transparencia<\/strong><\/p><p>Damos una importancia primordial a la autenticidad y la transparencia de las opiniones publicadas en nuestro sitio. Respetamos las obligaciones legales en materia de publicaci\u00f3n de opiniones en l\u00ednea, de conformidad con el C\u00f3digo de Consumo (Art\u00edculo L. 111-7-2, Decreto n\u00b02017-1436 del 29 de septiembre de 2017).<\/p><p>Las opiniones mostradas en nuestro sitio son principalmente\u00a0<strong data-start=\"657\" data-end=\"684\">recogidas de Google<\/strong>, pero tambi\u00e9n pueden proceder de otras fuentes. Realizamos un control a posteriori para garantizar su autenticidad, pero algunas opiniones fraudulentas pueden, aun as\u00ed, escap\u00e1rsenos.<\/p><p data-start=\"878\" data-end=\"921\"><strong data-start=\"882\" data-end=\"919\">Recopilaci\u00f3n y verificaci\u00f3n de opiniones<\/strong><\/p><ul data-start=\"922\" data-end=\"1298\"><li data-start=\"922\" data-end=\"1030\"><p>Las opiniones mostradas suelen proceder de Google, aunque pueden utilizarse otras fuentes.<\/p><\/li><li data-start=\"1031\" data-end=\"1139\"><p>Realizamos una verificaci\u00f3n de las opiniones para asegurarnos de que respetan nuestras normas de publicaci\u00f3n.<\/p><\/li><li data-start=\"1140\" data-end=\"1298\"><p>Si se detecta una opini\u00f3n fraudulenta, la eliminamos. Sin embargo, algunas opiniones no aut\u00e9nticas pueden escapar a nuestro control pese a nuestra vigilancia.<\/p><\/li><\/ul><p data-start=\"1300\" data-end=\"1342\"><strong data-start=\"1304\" data-end=\"1340\">Visualizaci\u00f3n y clasificaci\u00f3n de opiniones<\/strong><\/p><ul data-start=\"1343\" data-end=\"1807\"><li data-start=\"1343\" data-end=\"1527\"><p><strong data-start=\"1345\" data-end=\"1386\">Solo se muestran las \u00faltimas opiniones<\/strong>\u00a0en nuestro sitio. Esto significa que algunas opiniones, ya sean positivas o negativas, pueden dejar de ser visibles despu\u00e9s de cierto tiempo.<\/p><\/li><li data-start=\"1528\" data-end=\"1619\"><p>Cada opini\u00f3n menciona la fecha de publicaci\u00f3n y, cuando est\u00e1 disponible, la fecha de la experiencia del cliente.<\/p><\/li><li data-start=\"1732\" data-end=\"1807\"><p>No se ofrece ninguna remuneraci\u00f3n ni contraprestaci\u00f3n a cambio de una opini\u00f3n.<\/p><\/li><li data-start=\"1732\" data-end=\"1807\"><p>Las opiniones de clientes publicadas en nuestro sitio est\u00e1n sujetas a un procedimiento interno de moderaci\u00f3n destinado a garantizar su autenticidad y su conformidad con las leyes vigentes. Las opiniones presentadas en este sitio est\u00e1n sujetas a una selecci\u00f3n seg\u00fan criterios definidos internamente. Las opiniones publicadas no reflejan necesariamente el conjunto de los comentarios de los clientes. De conformidad con el decreto n\u00b02017-1436 del 29 de septiembre de 2017 y con el art\u00edculo L.111-7-2 del C\u00f3digo de Consumo, informamos a nuestros usuarios de que las opiniones pueden ser seleccionadas antes de su publicaci\u00f3n. Esta selecci\u00f3n se basa en criterios objetivos como la verificaci\u00f3n de la experiencia de consumo, la pertinencia del contenido y el respeto de las normas de cortes\u00eda. Las opiniones que contengan expresiones injuriosas, discriminatorias o que atenten contra terceros se excluyen sistem\u00e1ticamente. Los usuarios tienen la posibilidad de ponerse en contacto con nosotros para cualquier solicitud de modificaci\u00f3n o supresi\u00f3n de su opini\u00f3n, previa presentaci\u00f3n de las justificaciones oportunas.<\/p><\/li><\/ul><p data-start=\"1809\" data-end=\"1859\"><strong data-start=\"1813\" data-end=\"1857\">Criterios de publicaci\u00f3n y de moderaci\u00f3n<\/strong><\/p><p>Las opiniones se publican seg\u00fan los siguientes criterios:<\/p><ul data-start=\"1914\" data-end=\"2244\"><li data-start=\"1914\" data-end=\"2021\"><p>La opini\u00f3n debe proceder de una fuente verificable y referirse a una experiencia real con nuestra empresa.<\/p><\/li><li data-start=\"2022\" data-end=\"2116\"><p>La opini\u00f3n debe respetar las normas de cortes\u00eda y no contener expresiones difamatorias.<\/p><\/li><li data-start=\"2117\" data-end=\"2244\"><p>Una opini\u00f3n puede eliminarse si se denuncia como fraudulenta, contiene informaci\u00f3n err\u00f3nea o un lenguaje inapropiado.<\/p><\/li><\/ul><p data-start=\"2246\" data-end=\"2272\"><strong data-start=\"2250\" data-end=\"2270\">Derecho de respuesta<\/strong><\/p><p>Las empresas y los profesionales pueden ejercer su derecho de respuesta para aportar una precisi\u00f3n o una explicaci\u00f3n sobre una opini\u00f3n publicada.<\/p><p>COOKIES<\/p><p>Durante la consulta del sitio web, es posible que se registren ciertas informaciones relativas a la navegaci\u00f3n de su dispositivo en archivos llamados \u00ab Cookies \u00bb instalados en su dispositivo, supeditado a las elecciones que usted haya expresado con respecto a las cookies y que puede modificar en cualquier momento.<\/p><p>Una cookie es un peque\u00f1o archivo de texto registrado en un espacio dedicado del disco duro de su dispositivo, con ocasi\u00f3n de la consulta de un servicio en l\u00ednea gracias a su software de navegaci\u00f3n. Permite a su emisor identificar el dispositivo en el que est\u00e1 registrada, durante el per\u00edodo de validez o de registro de la cookie.<\/p><p>Las cookies que emite la empresa explotadora se utilizan para los fines descritos a continuaci\u00f3n, durante el per\u00edodo de validez de la cookie en cuesti\u00f3n, supeditado a sus elecciones que resultan de los par\u00e1metros de su software de navegaci\u00f3n utilizado durante su visita al sitio web y cuyo ajuste puede modificar en cualquier momento.<\/p><p>Es posible que cookies de empresas asociadas (cookies de terceros) se instalen en su ordenador a trav\u00e9s de las p\u00e1ginas del sitio web.<\/p><p>Solo el emisor de una cookie puede leer o modificar la informaci\u00f3n contenida en ella.<\/p><p>En el sitio web se utilizan diferentes tipos de cookies, con finalidades distintas. Algunas son necesarias para su uso del sitio web.<\/p><p>Las cookies anal\u00edticas<\/p><p>Se trata de cookies que permiten a la empresa explotadora:<\/p><ul><li><p>generar estad\u00edsticas y sobre los distintos elementos que componen el sitio web (secciones y contenidos visitados, recorrido) con el fin de mejorar la experiencia de navegaci\u00f3n ofrecida;<\/p><\/li><li><p>contabilizar el n\u00famero total de anuncios mostrados por su parte en sus espacios publicitarios, identificar dichos anuncios, su n\u00famero de impresiones, el n\u00famero de clics e informaci\u00f3n de navegaci\u00f3n.<\/p><\/li><\/ul><p><u>Ejemplo de cookies anal\u00edticas<\/u><\/p><ul><li><p>_ga     Analytics : registro de los datos de navegaci\u00f3n<\/p><\/li><li><p>__utm Analytics : registro de los datos de navegaci\u00f3n<\/p><\/li><li><p>_gac   Campaign : registro de los datos de navegaci\u00f3n de las campa\u00f1as publicitarias<\/p><\/li><\/ul><p>Las cookies y plug-in de redes sociales (botones sociales)<\/p><p>Es posible que la empresa explotadora incluya en el sitio web herramientas para compartir contenidos con otras personas o para dar a conocer a esas otras personas su consulta o su opini\u00f3n respecto a un contenido de nuestro sitio. Es el caso, en particular, de los botones \u00ab Compartir \u00bb, \u00ab Me gusta \u00bb procedentes de redes sociales como Facebook, Twitter, etc.<\/p><p>La empresa explotadora no tiene ning\u00fan control sobre el proceso empleado por las redes sociales en la recopilaci\u00f3n de informaci\u00f3n.<\/p><ul><li><p>Facebook Connect : conexi\u00f3n utilizando su cuenta de Facebook<\/p><\/li><li><p>Facebook Social Graph : compartir la p\u00e1gina en Facebook<\/p><\/li><li><p>Pinterest : compartir la p\u00e1gina en Pinterest<\/p><\/li><li><p>Linkedin : compartir la p\u00e1gina en Linkedin<\/p><\/li><li><p>Instagram : compartir la p\u00e1gina en Instagram<\/p><\/li><\/ul><p>Las cookies y los identificadores de m\u00e1quina con fines de securizaci\u00f3n de las transacciones<\/p><p>Le informamos que, durante su pedido, la empresa operadora, o sus proveedores actuando en su nombre, puede depositar cookies o recopilar informaci\u00f3n relativa a su terminal, en particular la informaci\u00f3n (atributos t\u00e9cnicos de seguridad) necesaria para el reconocimiento de los equipos (ordenador, tableta o tel\u00e9fono m\u00f3vil) con el fin de permitir la identificaci\u00f3n de su equipo para la securizaci\u00f3n de las transacciones en su inter\u00e9s.<\/p><p>Las cookies publicitarias<\/p><p>Los contenidos publicitarios (gr\u00e1ficos, animaciones, v\u00eddeos, etc.) difundidos en los espacios publicitarios de la empresa operadora pueden contener cookies emitidas por terceros que pueden permitir, durante el periodo de validez de las cookies, contabilizar los clics, pero tambi\u00e9n proponerle los anuncios m\u00e1s adecuados seg\u00fan su comportamiento de navegaci\u00f3n, centros de inter\u00e9s y preferencias.<\/p><p>El rechazo de las cookies publicitarias no afecta al uso del sitio y no conllevar\u00e1 el cese de la publicidad en el sitio o en internet. Solo tendr\u00e1 como efecto mostrar una publicidad que no tendr\u00e1 en cuenta sus centros de inter\u00e9s o sus preferencias.<\/p><p>Estas cookies dependen principalmente de las redes publicitarias. No podemos enumerarlas de manera exhaustiva :<\/p><ul><li><p>AdWords : compra de palabras clave patrocinadas mostradas en Google<\/p><\/li><li><p>Facebook Custom Audience<\/p><\/li><li><p>publicidad dirigida : registro del recorrido de navegaci\u00f3n<\/p><\/li><\/ul><p>Segmentaci\u00f3n publicitaria<\/p><p>El sitio puede contener cookies emitidas por terceros (agencias y herramientas publicitarias) y permitir a estos, durante el periodo de validez de esta cookie, recopilar datos de navegaci\u00f3n relativos a los dispositivos que se conectan a nuestros sitios, pero tambi\u00e9n proponerle contenidos publicitarios susceptibles de corresponder a su navegaci\u00f3n anterior en el sitio.<\/p><p>En ning\u00fan caso esta recopilaci\u00f3n de estos datos permite a estos proveedores identificarle personalmente. Su apellido, nombre, nombre de usuario, direcci\u00f3n postal, direcci\u00f3n de correo electr\u00f3nico y contrase\u00f1a no se comunican en ning\u00fan caso a terceros sin su consentimiento previo y expl\u00edcito.<\/p><p>Sus opciones con respecto a las cookies<\/p><p>Se le ofrecen varias posibilidades para gestionar las cookies. Cualquier configuraci\u00f3n que pueda realizar puede modificar su navegaci\u00f3n por internet y sus condiciones de acceso a determinados servicios que requieren el uso de cookies.<\/p><p>Las opciones que le ofrece su software de navegaci\u00f3n<\/p><p>Puede personalizar su navegador de internet (Google Chrome, Internet Explorer, Mozilla Firefox, etc\u2026) de modo que las cookies se guarden en su terminal o, por el contrario, sean rechazadas.<\/p><p>El rechazo de las cookies<\/p><p>Si rechaza el almacenamiento de cookies, algunas funcionalidades, como la identificaci\u00f3n \/ conexi\u00f3n a su espacio personal, la personalizaci\u00f3n de su navegaci\u00f3n (elecci\u00f3n del idioma favorito, por ejemplo) ya no estar\u00e1n disponibles.<\/p><p>La empresa explotadora declina toda responsabilidad por las consecuencias relacionadas con el funcionamiento degradado de sus servicios y funcionalidades debido al rechazo de la cookie.<\/p><p>\u00bfC\u00f3mo ejercer sus opciones, seg\u00fan el navegador que utiliza?<\/p><p>Para la gesti\u00f3n de las cookies y de sus opciones, la configuraci\u00f3n de cada navegador es diferente. Se describe en el men\u00fa de ayuda de su navegador, que le permitir\u00e1 saber de qu\u00e9 manera modificar sus preferencias en materia de cookies.<\/p><p><u>Para Internet Explorer\u2122 :<\/u><\/p><p><em>https:\/\/support.microsoft.com\/fr-fr\/help\/17442\/windows-internet-explorer-delete-manage-cookies<\/em><br \/>o<\/p><p>En Internet Explorer, haga clic en el bot\u00f3n Herramientas y luego en Opciones de Internet. En la pesta\u00f1a General, en Historial de exploraci\u00f3n, haga clic en Configuraci\u00f3n. Haga clic en el bot\u00f3n Ver archivos. Haga clic en el encabezado de la columna Nombre para ordenar todos los archivos en orden alfab\u00e9tico y luego recorra la lista hasta que vea archivos que comiencen con el prefijo \u00ab Cookie \u00bb (todas las cookies tienen este prefijo y normalmente contienen el nombre del sitio web que cre\u00f3 la cookie). Seleccione la o las cookies que incluyan el nombre de la empresa explotadora y elim\u00ednelas. Cierre la ventana que contiene la lista de archivos y luego haga clic dos veces en Aceptar para volver a Internet Explorer.<\/p><p><u>Para Safari\u2122 :<\/u><\/p><p><em>https:\/\/support.apple.com\/?path=Safari\/3.0\/fr\/9277.html<\/em><br \/>O<br \/>En su navegador, elija el men\u00fa Edici\u00f3n &gt; Preferencias. Haga clic en Seguridad. Haga clic en Mostrar las cookies. Seleccione las cookies que contienen el nombre de la empresa explotadora y haga clic en Borrar o en Borrar todo. Despu\u00e9s de haber eliminado las cookies, haga clic en Listo.<\/p><p><u>Para Chrome\u2122 :<\/u><\/p><p><em>https:\/\/support.google.com\/chrome\/answer\/95647?hl=fr&amp;hlrm=en<\/em><br \/>O<br \/>Abra Google Chrome. En la barra de herramientas del navegador, haga clic en M\u00e1s. Coloque el cursor sobre M\u00e1s herramientas y luego haga clic en Borrar datos de navegaci\u00f3n. En la ventana \u201cBorrar datos de navegaci\u00f3n\u201d, marque las casillas Cookies y datos de otros sitios o plug-in e Im\u00e1genes y archivos en cach\u00e9. Utilice el men\u00fa de la parte superior para seleccionar la cantidad de datos que desea eliminar. Seleccione Desde el inicio para eliminarlo todo. Haga clic en Borrar datos de navegaci\u00f3n.<\/p><p><u>Para Firefox\u2122 :<\/u><\/p><p><em>https:\/\/support.mozilla.org\/fr\/kb\/activer-desactiver-cookies-preferences<\/em><br \/>O<br \/>Vaya a la pesta\u00f1a \u00ab Herramientas \u00bb del navegador y luego seleccione el men\u00fa \u00ab Opciones \u00bb. En la ventana que aparece, elija \u00ab Privacidad \u00bb y haga clic en \u00ab eliminar cookies espec\u00edficas \u00bb. Localice los archivos que contienen el nombre de la empresa explotadora. Selecci\u00f3nelos y elim\u00ednelos.<\/p><p>Para m\u00e1s informaci\u00f3n sobre las cookies<\/p><p>La empresa explotadora le invita a consultar el sitio de la CNIL en la siguiente direcci\u00f3n :\u00a0<em>https:\/\/www.cnil.fr\/fr\/cookies-les-outils-pour-les-maitriser<\/em><\/p><p>Solicitud al Mediador de consumo<\/p><p>De conformidad con los Art\u00edculos L. 616-1 y R. 111-1 6\u00b0 del C\u00f3digo de consumo, el cliente tiene derecho a recurrir gratuitamente al Mediador de Turismo y Viaje, cuyos datos de contacto son actualmente los siguientes:<br \/>Mediador Turismo Viaje,<br \/>MTV Mediaci\u00f3n Turismo Viaje<br \/>BP 80 303<br \/>75823 Paris Cedex 17<\/p><p>Dise\u00f1o del sitio<br \/><a href=\"https:\/\/hotel-webdesign.com\/\">Creaci\u00f3n de sitios web hoteleros<\/a><br \/><a href=\"https:\/\/www.france-webdesign.com\/\">Creaci\u00f3n de sitios web profesionales<\/a><br \/>128, rue de la bo\u00e9tie<br \/>75008 PARIS<\/p><p><a href=\"https:\/\/hotel-webdesign.com\/\">Creaci\u00f3n de sitio web hotel restaurante<\/a>\u00a0|\u00a0<a href=\"https:\/\/hotel-webdesign.com\/\">Dise\u00f1o web de hotel<\/a>\u00a0|\u00a0<a href=\"https:\/\/www.france-webdesign.com\/\">France Web Design<\/a>\u00a0|\u00a0<a href=\"https:\/\/w-maintenance.pro\/\">Mantenimiento WordPress<\/a>\u00a0|\u00a0<a href=\"https:\/\/www.referencement-annuaire.fr\/\">Posicionamiento SEO para empresas<\/a><\/p><p><strong>Proveedor de alojamiento<\/strong>:<br \/>Infomaniak Network SA<br \/>Rue Eug\u00e8ne Marziano 25<br \/>1227 Les Acacias (GE)<br \/>Registro mercantil del cant\u00f3n de Ginebra<br \/>CH-660.0.059.996-1<br \/>N\u00famero IDE<br \/>CHE-103.167.648<br \/>N\u00famero de IVA<br \/>CHE-103.167.648<\/p>\t\t\t\t\t\t\t\t<\/div>\n\t\t\t\t\t<\/div>\n\t\t\t\t<\/div>\n\t\t\t\t<\/div>","protected":false},"excerpt":{"rendered":"<p>Su apartahotel en el coraz\u00f3n de Velaux Aviso legal Responsable de la publicaci\u00f3n: SARL AROMATES Denominaci\u00f3n AROMATES (LE BISTROT CAIRE) SIREN 948 090 055 SIRET de la sede social 948 090 055 00021 N.\u00ba de IVA intracomunitario FR93 948 090 055 N.\u00ba EORI\u00a0 Actividad principal (NAF\/APE) Restauraci\u00f3n tradicional C\u00f3digo NAF\/APE 56.10A Actividad principal (NAF 2025) Restauraci\u00f3n tradicional (56.11G) [\u2026]<\/p>","protected":false},"author":1,"featured_media":1890,"parent":0,"menu_order":0,"comment_status":"closed","ping_status":"closed","template":"","meta":{"footnotes":""},"class_list":["post-1372","page","type-page","status-publish","has-post-thumbnail","hentry"],"yoast_head":"<!-- This site is optimized with the Yoast SEO plugin v26.8 - https:\/\/yoast.com\/product\/yoast-seo-wordpress\/ -->\n<title>Mentions l\u00e9gales | Appart Hotel Velaux |\u00a0Sous Les Platanes<\/title>\n<meta name=\"description\" content=\"Mentions l\u00e9gales de votre appart\u2019h\u00f4tel \u00e0 Velaux : informations sur l\u2019\u00e9diteur, la responsabilit\u00e9, les droits d\u2019auteur\" \/>\n<meta name=\"robots\" content=\"index, follow, max-snippet:-1, max-image-preview:large, max-video-preview:-1\" \/>\n<link rel=\"canonical\" href=\"https:\/\/www.souslesplatanes.com\/es\/aviso-legal\/\" \/>\n<meta property=\"og:locale\" content=\"es_ES\" \/>\n<meta property=\"og:type\" content=\"article\" \/>\n<meta property=\"og:title\" content=\"Mentions l\u00e9gales | Appart Hotel Velaux |\u00a0Sous Les Platanes\" \/>\n<meta property=\"og:description\" content=\"Mentions l\u00e9gales de votre appart\u2019h\u00f4tel \u00e0 Velaux : informations sur l\u2019\u00e9diteur, la responsabilit\u00e9, les droits d\u2019auteur\" \/>\n<meta property=\"og:url\" content=\"https:\/\/www.souslesplatanes.com\/es\/aviso-legal\/\" \/>\n<meta property=\"og:site_name\" content=\"Appart Hotel Velaux |\u00a0Sous Les Platanes\" \/>\n<meta property=\"article:modified_time\" content=\"2026-01-30T14:26:15+00:00\" \/>\n<meta property=\"og:image\" content=\"https:\/\/www.souslesplatanes.com\/wp-content\/uploads\/2026\/01\/elegance-102-hotel-velaux-location-appartement-velaux-hotel-bnb-locations-saisonnieres-studio-deluxe-2-e3296711-8776-403f-aa0a-47bac2b13f22.jpg\" \/>\n\t<meta property=\"og:image:width\" content=\"2400\" \/>\n\t<meta property=\"og:image:height\" content=\"1600\" \/>\n\t<meta property=\"og:image:type\" content=\"image\/jpeg\" \/>\n<script type=\"application\/ld+json\" class=\"yoast-schema-graph\">{\"@context\":\"https:\/\/schema.org\",\"@graph\":[{\"@type\":\"WebPage\",\"@id\":\"https:\/\/www.souslesplatanes.com\/mentions-legales\/\",\"url\":\"https:\/\/www.souslesplatanes.com\/mentions-legales\/\",\"name\":\"Mentions l\u00e9gales | Appart Hotel Velaux |\u00a0Sous Les Platanes\",\"isPartOf\":{\"@id\":\"https:\/\/www.souslesplatanes.com\/#website\"},\"primaryImageOfPage\":{\"@id\":\"https:\/\/www.souslesplatanes.com\/mentions-legales\/#primaryimage\"},\"image\":{\"@id\":\"https:\/\/www.souslesplatanes.com\/mentions-legales\/#primaryimage\"},\"thumbnailUrl\":\"https:\/\/www.souslesplatanes.com\/wp-content\/uploads\/2026\/01\/elegance-102-hotel-velaux-location-appartement-velaux-hotel-bnb-locations-saisonnieres-studio-deluxe-2-e3296711-8776-403f-aa0a-47bac2b13f22.jpg\",\"datePublished\":\"2026-01-09T13:49:03+00:00\",\"dateModified\":\"2026-01-30T14:26:15+00:00\",\"description\":\"Mentions l\u00e9gales de votre appart\u2019h\u00f4tel \u00e0 Velaux : informations sur l\u2019\u00e9diteur, la responsabilit\u00e9, les droits d\u2019auteur\",\"breadcrumb\":{\"@id\":\"https:\/\/www.souslesplatanes.com\/mentions-legales\/#breadcrumb\"},\"inLanguage\":\"es\",\"potentialAction\":[{\"@type\":\"ReadAction\",\"target\":[\"https:\/\/www.souslesplatanes.com\/mentions-legales\/\"]}]},{\"@type\":\"ImageObject\",\"inLanguage\":\"es\",\"@id\":\"https:\/\/www.souslesplatanes.com\/mentions-legales\/#primaryimage\",\"url\":\"https:\/\/www.souslesplatanes.com\/wp-content\/uploads\/2026\/01\/elegance-102-hotel-velaux-location-appartement-velaux-hotel-bnb-locations-saisonnieres-studio-deluxe-2-e3296711-8776-403f-aa0a-47bac2b13f22.jpg\",\"contentUrl\":\"https:\/\/www.souslesplatanes.com\/wp-content\/uploads\/2026\/01\/elegance-102-hotel-velaux-location-appartement-velaux-hotel-bnb-locations-saisonnieres-studio-deluxe-2-e3296711-8776-403f-aa0a-47bac2b13f22.jpg\",\"width\":2400,\"height\":1600},{\"@type\":\"BreadcrumbList\",\"@id\":\"https:\/\/www.souslesplatanes.com\/mentions-legales\/#breadcrumb\",\"itemListElement\":[{\"@type\":\"ListItem\",\"position\":1,\"name\":\"Accueil\",\"item\":\"https:\/\/www.souslesplatanes.com\/\"},{\"@type\":\"ListItem\",\"position\":2,\"name\":\"Mentions l\u00e9gales\"}]},{\"@type\":\"WebSite\",\"@id\":\"https:\/\/www.souslesplatanes.com\/#website\",\"url\":\"https:\/\/www.souslesplatanes.com\/\",\"name\":\"Sous Les Platanes\",\"description\":\"\",\"publisher\":{\"@id\":\"https:\/\/www.souslesplatanes.com\/#organization\"},\"alternateName\":\"Hotel \u00e0 Velaux\",\"potentialAction\":[{\"@type\":\"SearchAction\",\"target\":{\"@type\":\"EntryPoint\",\"urlTemplate\":\"https:\/\/www.souslesplatanes.com\/?s={search_term_string}\"},\"query-input\":{\"@type\":\"PropertyValueSpecification\",\"valueRequired\":true,\"valueName\":\"search_term_string\"}}],\"inLanguage\":\"es\"},{\"@type\":\"Organization\",\"@id\":\"https:\/\/www.souslesplatanes.com\/#organization\",\"name\":\"Sous Les Platanes\",\"alternateName\":\"H\u00f4tel \u00e0 Velaux\",\"url\":\"https:\/\/www.souslesplatanes.com\/\",\"logo\":{\"@type\":\"ImageObject\",\"inLanguage\":\"es\",\"@id\":\"https:\/\/www.souslesplatanes.com\/#\/schema\/logo\/image\/\",\"url\":\"https:\/\/www.souslesplatanes.com\/wp-content\/uploads\/2025\/12\/cropped-sous_les_platanes-cmjn.png\",\"contentUrl\":\"https:\/\/www.souslesplatanes.com\/wp-content\/uploads\/2025\/12\/cropped-sous_les_platanes-cmjn.png\",\"width\":1211,\"height\":1034,\"caption\":\"Sous Les Platanes\"},\"image\":{\"@id\":\"https:\/\/www.souslesplatanes.com\/#\/schema\/logo\/image\/\"},\"sameAs\":[\"https:\/\/www.instagram.com\/sous_les_platanes\/\"]}]}<\/script>\n<!-- \/ Yoast SEO plugin. -->","yoast_head_json":{"title":"Aviso legal | Appart Hotel Velaux |\u00a0Bajo los Pl\u00e1tanos","description":"Aviso legal de su apartahotel en Velaux: informaci\u00f3n sobre el editor, la responsabilidad, los derechos de autor","robots":{"index":"index","follow":"follow","max-snippet":"max-snippet:-1","max-image-preview":"max-image-preview:large","max-video-preview":"max-video-preview:-1"},"canonical":"https:\/\/www.souslesplatanes.com\/es\/aviso-legal\/","og_locale":"es_ES","og_type":"article","og_title":"Mentions l\u00e9gales | Appart Hotel Velaux |\u00a0Sous Les Platanes","og_description":"Mentions l\u00e9gales de votre appart\u2019h\u00f4tel \u00e0 Velaux : informations sur l\u2019\u00e9diteur, la responsabilit\u00e9, les droits d\u2019auteur","og_url":"https:\/\/www.souslesplatanes.com\/es\/aviso-legal\/","og_site_name":"Appart Hotel Velaux |\u00a0Sous Les Platanes","article_modified_time":"2026-01-30T14:26:15+00:00","og_image":[{"width":2400,"height":1600,"url":"https:\/\/www.souslesplatanes.com\/wp-content\/uploads\/2026\/01\/elegance-102-hotel-velaux-location-appartement-velaux-hotel-bnb-locations-saisonnieres-studio-deluxe-2-e3296711-8776-403f-aa0a-47bac2b13f22.jpg","type":"image\/jpeg"}],"schema":{"@context":"https:\/\/schema.org","@graph":[{"@type":"WebPage","@id":"https:\/\/www.souslesplatanes.com\/mentions-legales\/","url":"https:\/\/www.souslesplatanes.com\/mentions-legales\/","name":"Aviso legal | Appart Hotel Velaux |\u00a0Bajo los Pl\u00e1tanos","isPartOf":{"@id":"https:\/\/www.souslesplatanes.com\/#website"},"primaryImageOfPage":{"@id":"https:\/\/www.souslesplatanes.com\/mentions-legales\/#primaryimage"},"image":{"@id":"https:\/\/www.souslesplatanes.com\/mentions-legales\/#primaryimage"},"thumbnailUrl":"https:\/\/www.souslesplatanes.com\/wp-content\/uploads\/2026\/01\/elegance-102-hotel-velaux-location-appartement-velaux-hotel-bnb-locations-saisonnieres-studio-deluxe-2-e3296711-8776-403f-aa0a-47bac2b13f22.jpg","datePublished":"2026-01-09T13:49:03+00:00","dateModified":"2026-01-30T14:26:15+00:00","description":"Aviso legal de su apartahotel en Velaux: informaci\u00f3n sobre el editor, la responsabilidad, los derechos de autor","breadcrumb":{"@id":"https:\/\/www.souslesplatanes.com\/mentions-legales\/#breadcrumb"},"inLanguage":"es","potentialAction":[{"@type":"ReadAction","target":["https:\/\/www.souslesplatanes.com\/mentions-legales\/"]}]},{"@type":"ImageObject","inLanguage":"es","@id":"https:\/\/www.souslesplatanes.com\/mentions-legales\/#primaryimage","url":"https:\/\/www.souslesplatanes.com\/wp-content\/uploads\/2026\/01\/elegance-102-hotel-velaux-location-appartement-velaux-hotel-bnb-locations-saisonnieres-studio-deluxe-2-e3296711-8776-403f-aa0a-47bac2b13f22.jpg","contentUrl":"https:\/\/www.souslesplatanes.com\/wp-content\/uploads\/2026\/01\/elegance-102-hotel-velaux-location-appartement-velaux-hotel-bnb-locations-saisonnieres-studio-deluxe-2-e3296711-8776-403f-aa0a-47bac2b13f22.jpg","width":2400,"height":1600},{"@type":"BreadcrumbList","@id":"https:\/\/www.souslesplatanes.com\/mentions-legales\/#breadcrumb","itemListElement":[{"@type":"ListItem","position":1,"name":"Accueil","item":"https:\/\/www.souslesplatanes.com\/"},{"@type":"ListItem","position":2,"name":"Mentions l\u00e9gales"}]},{"@type":"WebSite","@id":"https:\/\/www.souslesplatanes.com\/#website","url":"https:\/\/www.souslesplatanes.com\/","name":"Bajo los pl\u00e1tanos","description":"","publisher":{"@id":"https:\/\/www.souslesplatanes.com\/#organization"},"alternateName":"Hotel \u00e0 Velaux","potentialAction":[{"@type":"SearchAction","target":{"@type":"EntryPoint","urlTemplate":"https:\/\/www.souslesplatanes.com\/?s={search_term_string}"},"query-input":{"@type":"PropertyValueSpecification","valueRequired":true,"valueName":"search_term_string"}}],"inLanguage":"es"},{"@type":"Organization","@id":"https:\/\/www.souslesplatanes.com\/#organization","name":"Bajo los pl\u00e1tanos","alternateName":"H\u00f4tel \u00e0 Velaux","url":"https:\/\/www.souslesplatanes.com\/","logo":{"@type":"ImageObject","inLanguage":"es","@id":"https:\/\/www.souslesplatanes.com\/#\/schema\/logo\/image\/","url":"https:\/\/www.souslesplatanes.com\/wp-content\/uploads\/2025\/12\/cropped-sous_les_platanes-cmjn.png","contentUrl":"https:\/\/www.souslesplatanes.com\/wp-content\/uploads\/2025\/12\/cropped-sous_les_platanes-cmjn.png","width":1211,"height":1034,"caption":"Sous Les Platanes"},"image":{"@id":"https:\/\/www.souslesplatanes.com\/#\/schema\/logo\/image\/"},"sameAs":["https:\/\/www.instagram.com\/sous_les_platanes\/"]}]}},"_links":{"self":[{"href":"https:\/\/www.souslesplatanes.com\/es\/wp-json\/wp\/v2\/pages\/1372","targetHints":{"allow":["GET"]}}],"collection":[{"href":"https:\/\/www.souslesplatanes.com\/es\/wp-json\/wp\/v2\/pages"}],"about":[{"href":"https:\/\/www.souslesplatanes.com\/es\/wp-json\/wp\/v2\/types\/page"}],"author":[{"embeddable":true,"href":"https:\/\/www.souslesplatanes.com\/es\/wp-json\/wp\/v2\/users\/1"}],"replies":[{"embeddable":true,"href":"https:\/\/www.souslesplatanes.com\/es\/wp-json\/wp\/v2\/comments?post=1372"}],"version-history":[{"count":5,"href":"https:\/\/www.souslesplatanes.com\/es\/wp-json\/wp\/v2\/pages\/1372\/revisions"}],"predecessor-version":[{"id":1987,"href":"https:\/\/www.souslesplatanes.com\/es\/wp-json\/wp\/v2\/pages\/1372\/revisions\/1987"}],"wp:featuredmedia":[{"embeddable":true,"href":"https:\/\/www.souslesplatanes.com\/es\/wp-json\/wp\/v2\/media\/1890"}],"wp:attachment":[{"href":"https:\/\/www.souslesplatanes.com\/es\/wp-json\/wp\/v2\/media?parent=1372"}],"curies":[{"name":"wp","href":"https:\/\/api.w.org\/{rel}","templated":true}]}}